{"id":289,"date":"2021-12-09T10:33:58","date_gmt":"2021-12-09T09:33:58","guid":{"rendered":"http:\/\/www.diocesigorizia.it\/caritas\/?page_id=289"},"modified":"2026-01-21T13:51:00","modified_gmt":"2026-01-21T12:51:00","slug":"chi-siamo","status":"publish","type":"page","link":"https:\/\/www.diocesigorizia.it\/caritas\/chi-siamo\/","title":{"rendered":"Chi Siamo"},"content":{"rendered":"<h3>La Caritas diocesana<\/h3>\n<p>La Caritas diocesana di Gorizia \u00e8 un organismo pastorale dell\u2019Arcidiocesi di Gorizia istituito dall\u2019Arcivescovo nel 1981 ed \u00e8 espressione dell\u2019impegno della Chiesa di Gorizia nella testimonianza della\u00a0<strong>solidariet\u00e0 verso le persone svantaggiate<\/strong>, per lo sviluppo dell\u2019uomo, la giustizia sociale e la pace.<\/p>\n<p>L\u2019articolo 1 dello Statuto recita:<\/p>\n<blockquote><p>\u201c<em>La Caritas diocesana \u00e8 l&#8217;organismo pastorale istituito dal Vescovo al fine di promuovere la testimonianza della carit\u00e0 nella comunit\u00e0 ecclesiale diocesana e delle comunit\u00e0 minori, specie parrocchiali, in forme consone ai tempi e ai bisogni, in vista dello sviluppo integrale dell&#8217;uomo, della giustizia sociale e della pace, con particolare attenzione agli ultimi e con prevalente funzione pedagogica.<br \/>\n<\/em><em>La Caritas diocesana \u00e8 lo strumento ufficiale della Diocesi per la promozione e il coordinamento delle iniziative caritative e assistenziali.<\/em>&#8220;<\/p><\/blockquote>\n<p>La Caritas Diocesana, quindi, ha lo <strong>scopo<\/strong> di <strong>favorire il cambiamento del modo di pensare<\/strong> e di <strong>vivere della comunit\u00e0 cristiana<\/strong>, passando da: una solidariet\u00e0 vissuta singolarmente ad una <strong>testimonianza comunitaria della carit\u00e0<\/strong>, da una solidariet\u00e0 episodica ad uno <strong>stile di carit\u00e0<\/strong> capace di ascoltare e <strong>accogliere ogni giorno<\/strong> il grido dei poveri, da una solidariet\u00e0 pronto soccorso, che cura le ferite della societ\u00e0 ad una carit\u00e0 che sa anche riconoscere e sradicare le radici della povert\u00e0 e dell\u2019ingiustizia.<\/p>\n<p>Concretamente <strong>compito<\/strong> della Caritas diocesana \u00e8 di:<\/p>\n<ol>\n<li>proporre <strong>iniziative concrete<\/strong> di <strong>solidariet\u00e0<\/strong> perch\u00e9 la carit\u00e0 sia l\u2019anima della vita della diocesi, delle parrocchie, delle famiglie, dei gruppi e di ogni singola persona;<\/li>\n<li><strong>formare<\/strong> e <strong>sostenere<\/strong> le <strong>Caritas parrocchiali<\/strong> e decanali;<\/li>\n<li>coordinare le iniziative e le <strong>opere caritative<\/strong> ed assistenziali delle parrocchie e degli enti di ispirazione cristiana;<\/li>\n<li>realizzare studi e <strong>ricerche<\/strong> per scoprire i bisogni presenti sul territorio diocesano, individuarne le cause e stimolare l\u2019intervento sia legislativo che operativo delle istituzioni civili;<\/li>\n<li><strong>promuovere opere-segno<\/strong> cio\u00e8 iniziative, servizi, strutture, progetti gestiti da operatori e volontari che costituiscono la risposta della comunit\u00e0 cristiana ai vari bisogni rilevati nel territorio;<\/li>\n<li>realizzare interventi di emergenza in caso di pubbliche calamit\u00e0, in collaborazione con altri organismi di ispirazione cristiana e laica.<\/li>\n<\/ol>\n<p>&nbsp;<\/p>\n","protected":false},"excerpt":{"rendered":"<p>La Caritas diocesana La Caritas diocesana di Gorizia \u00e8 un organismo pastorale dell\u2019Arcidiocesi di Gorizia istituito dall\u2019Arcivescovo nel 1981 ed \u00e8 espressione dell\u2019impegno della Chiesa di Gorizia nella testimonianza della\u00a0solidariet\u00e0 verso le persone svantaggiate, per lo sviluppo dell\u2019uomo, la giustizia sociale e la pace. L\u2019articolo 1 dello Statuto recita: \u201cLa Caritas diocesana \u00e8 l&#8217;organismo pastorale istituito dal Vescovo al fine di promuovere la testimonianza della &hellip; <a href=\"https:\/\/www.diocesigorizia.it\/caritas\/chi-siamo\/\" class=\"more-link\">Continua a leggere <span class=\"screen-reader-text\"><\/span> <span class=\"meta-nav\">&raquo;<\/span><\/a><\/p>\n","protected":false},"author":0,"featured_media":348,"parent":0,"menu_order":0,"comment_status":"closed","ping_status":"closed","template":"","meta":{"_acf_changed":false,"ip_address":"","user_agent":"","level":"","revision":"","cookie_id":"","page_referer":"","html_form":"","footnotes":""},"acf":[],"_links":{"self":[{"href":"https:\/\/www.diocesigorizia.it\/caritas\/wp-json\/wp\/v2\/pages\/289"}],"collection":[{"href":"https:\/\/www.diocesigorizia.it\/caritas\/wp-json\/wp\/v2\/pages"}],"about":[{"href":"https:\/\/www.diocesigorizia.it\/caritas\/wp-json\/wp\/v2\/types\/page"}],"author":[{"embeddable":true,"href":"https:\/\/www.diocesigorizia.it\/caritas\/wp-json\/wp\/v2\/users\/1"}],"replies":[{"embeddable":true,"href":"https:\/\/www.diocesigorizia.it\/caritas\/wp-json\/wp\/v2\/comments?post=289"}],"version-history":[{"count":6,"href":"https:\/\/www.diocesigorizia.it\/caritas\/wp-json\/wp\/v2\/pages\/289\/revisions"}],"predecessor-version":[{"id":5083,"href":"https:\/\/www.diocesigorizia.it\/caritas\/wp-json\/wp\/v2\/pages\/289\/revisions\/5083"}],"wp:featuredmedia":[{"embeddable":true,"href":"https:\/\/www.diocesigorizia.it\/caritas\/wp-json\/wp\/v2\/media\/348"}],"wp:attachment":[{"href":"https:\/\/www.diocesigorizia.it\/caritas\/wp-json\/wp\/v2\/media?parent=289"}],"curies":[{"name":"wp","href":"https:\/\/api.w.org\/{rel}","templated":true}]}}